{"articles":[{"classes":["outercol"],"isFavourite":false,"isExternalUrl":{"articleLink":false},"articleListButtonsData":{"buttonsList":[{"label":"Les mer","url":"\/nyheter\/?Article=109","type":"readmore"}],"mode":"default"},"favouriteType":null,"mnu":null,"section":null,"displayId":true,"docId":109,"identifier":"109Article","docType":"Article","customDate":false,"teaserData":{"teaserText":"","mode":"default"},"content":{"teaser":"","intro":"Her kan du lese v\u00e5re siste nyhetsbrev. I nyhetsbrevene forteller vi blant annet om prosjekter som vi arbeider med eller har sluttf\u00f8rt. "},"titles":{"main":"Nyhetsbrev fra Transportutvikling ","readMoreButton":"Les mer"},"urls":{"readMore":"\/nyheter\/?Article=109","booking":null},"created":{"date":"21.01.2019","time":"11:51","timestamp":1548067860},"introAllowHtml":false,"hasTicket":false,"extra":null,"hasReadMore":true,"media":{"imageData":{"path":"\/sites\/t\/transportutvikling.no\/files\/kuler.png","width":561,"height":422,"aspectRatio":1.3293838862559242},"previewImageUrl":"\/sites\/t\/transportutvikling.no\/files\/kuler.png?cropToFit=100x59&quality=50","imageVariants":[{"path":"\/sites\/t\/transportutvikling.no\/files\/kuler.png?cropToFit=100x59&quality=75","width":100,"height":59,"aspectRatio":1.694915254237288},{"path":"\/sites\/t\/transportutvikling.no\/files\/kuler.png?cropToFit=200x118&quality=75","width":200,"height":118,"aspectRatio":1.694915254237288},{"path":"\/sites\/t\/transportutvikling.no\/files\/kuler.png?cropToFit=400x235&quality=75","width":400,"height":235,"aspectRatio":1.702127659574468},{"path":"\/sites\/t\/transportutvikling.no\/files\/kuler.png?cropToFit=600x353&quality=75","width":561,"height":330,"aspectRatio":1.7},{"path":"\/sites\/t\/transportutvikling.no\/files\/kuler.png?cropToFit=800x471&quality=75","width":561,"height":330,"aspectRatio":1.7},{"path":"\/sites\/t\/transportutvikling.no\/files\/kuler.png?cropToFit=1000x588&quality=75","width":561,"height":330,"aspectRatio":1.7},{"path":"\/sites\/t\/transportutvikling.no\/files\/kuler.png?cropToFit=1200x706&quality=75","width":561,"height":330,"aspectRatio":1.7}],"image":"\/sites\/t\/transportutvikling.no\/files\/kuler.png","aspect":1.694915254237288,"type":"image","description":"Illustrasjon Nyhetsbrev"},"additionalData":[]},{"classes":["outercol"],"isFavourite":false,"isExternalUrl":{"articleLink":false},"articleListButtonsData":{"buttonsList":[{"label":"Les mer","url":"\/nyheter\/?Article=631","type":"readmore"}],"mode":"default"},"favouriteType":null,"mnu":null,"section":null,"displayId":true,"docId":631,"identifier":"631Article","docType":"Article","customDate":false,"teaserData":{"teaserText":"","mode":"default"},"content":{"teaser":"","intro":"Transportutvikling har utarbeidet landtransportkaret for havbruksn\u00e6ringen i Nord-Norge for \u00e5ret 2023. "},"titles":{"main":"Havbrukskartet Nord-Norge ","readMoreButton":"Les mer"},"urls":{"readMore":"\/nyheter\/?Article=631","booking":null},"created":{"date":"04.02.2025","time":"11:21","timestamp":1738664460},"introAllowHtml":false,"hasTicket":false,"extra":null,"hasReadMore":true,"media":{"imageData":{"path":"\/sites\/t\/transportutvikling.no\/files\/2025\/01\/havbrukskartet_2023__002_.jpg","width":5000,"height":7070,"aspectRatio":0.7072135785007072},"previewImageUrl":"\/sites\/t\/transportutvikling.no\/files\/2025\/01\/havbrukskartet_2023__002_.jpg?cropToFit=100x59&quality=50","imageVariants":[{"path":"\/sites\/t\/transportutvikling.no\/files\/2025\/01\/havbrukskartet_2023__002_.jpg?cropToFit=100x59&quality=75","width":100,"height":59,"aspectRatio":1.694915254237288},{"path":"\/sites\/t\/transportutvikling.no\/files\/2025\/01\/havbrukskartet_2023__002_.jpg?cropToFit=200x118&quality=75","width":200,"height":118,"aspectRatio":1.694915254237288},{"path":"\/sites\/t\/transportutvikling.no\/files\/2025\/01\/havbrukskartet_2023__002_.jpg?cropToFit=400x235&quality=75","width":400,"height":235,"aspectRatio":1.702127659574468},{"path":"\/sites\/t\/transportutvikling.no\/files\/2025\/01\/havbrukskartet_2023__002_.jpg?cropToFit=600x353&quality=75","width":600,"height":353,"aspectRatio":1.6997167138810199},{"path":"\/sites\/t\/transportutvikling.no\/files\/2025\/01\/havbrukskartet_2023__002_.jpg?cropToFit=800x471&quality=75","width":800,"height":471,"aspectRatio":1.6985138004246285},{"path":"\/sites\/t\/transportutvikling.no\/files\/2025\/01\/havbrukskartet_2023__002_.jpg?cropToFit=1000x588&quality=75","width":1000,"height":588,"aspectRatio":1.7006802721088434},{"path":"\/sites\/t\/transportutvikling.no\/files\/2025\/01\/havbrukskartet_2023__002_.jpg?cropToFit=1200x706&quality=75","width":1200,"height":706,"aspectRatio":1.6997167138810199}],"image":"\/sites\/t\/transportutvikling.no\/files\/2025\/01\/havbrukskartet_2023__002_.jpg","aspect":1.694915254237288,"type":"image","description":"Veibelastningskart havbruk i Nord-Norge 2023"},"additionalData":[]},{"classes":["outercol"],"isFavourite":false,"isExternalUrl":{"articleLink":false},"articleListButtonsData":{"buttonsList":[{"label":"Les mer","url":"\/nyheter\/?Article=599","type":"readmore"}],"mode":"default"},"favouriteType":null,"mnu":null,"section":null,"displayId":true,"docId":599,"identifier":"599Article","docType":"Article","customDate":false,"teaserData":{"teaserText":"","mode":"default"},"content":{"teaser":"","intro":"11 nordnorske havner, herav 10 kommunale havner og en privat havn, har deltatt."},"titles":{"main":"Havnenettverk i nord","readMoreButton":"Les mer"},"urls":{"readMore":"\/nyheter\/?Article=599","booking":null},"created":{"date":"13.03.2024","time":"10:18","timestamp":1710321480},"introAllowHtml":false,"hasTicket":false,"extra":null,"hasReadMore":true,"media":{"imageData":{"path":"\/sites\/t\/transportutvikling.no\/files\/2024\/03\/b__rkraft.png","width":779,"height":394,"aspectRatio":1.9771573604060915},"previewImageUrl":"\/sites\/t\/transportutvikling.no\/files\/2024\/03\/b__rkraft.png?cropToFit=100x59&quality=50","imageVariants":[{"path":"\/sites\/t\/transportutvikling.no\/files\/2024\/03\/b__rkraft.png?cropToFit=100x59&quality=75","width":100,"height":59,"aspectRatio":1.694915254237288},{"path":"\/sites\/t\/transportutvikling.no\/files\/2024\/03\/b__rkraft.png?cropToFit=200x118&quality=75","width":200,"height":118,"aspectRatio":1.694915254237288},{"path":"\/sites\/t\/transportutvikling.no\/files\/2024\/03\/b__rkraft.png?cropToFit=400x235&quality=75","width":400,"height":235,"aspectRatio":1.702127659574468},{"path":"\/sites\/t\/transportutvikling.no\/files\/2024\/03\/b__rkraft.png?cropToFit=600x353&quality=75","width":600,"height":353,"aspectRatio":1.6997167138810199},{"path":"\/sites\/t\/transportutvikling.no\/files\/2024\/03\/b__rkraft.png?cropToFit=800x471&quality=75","width":669,"height":394,"aspectRatio":1.6979695431472082},{"path":"\/sites\/t\/transportutvikling.no\/files\/2024\/03\/b__rkraft.png?cropToFit=1000x588&quality=75","width":670,"height":394,"aspectRatio":1.700507614213198},{"path":"\/sites\/t\/transportutvikling.no\/files\/2024\/03\/b__rkraft.png?cropToFit=1200x706&quality=75","width":670,"height":394,"aspectRatio":1.700507614213198}],"image":"\/sites\/t\/transportutvikling.no\/files\/2024\/03\/b__rkraft.png","aspect":1.694915254237288,"type":"image","description":"B\u00e6rekraftm\u00e5l"},"additionalData":[]},{"classes":["outercol"],"isFavourite":false,"isExternalUrl":{"articleLink":false},"articleListButtonsData":{"buttonsList":[{"label":"Les mer","url":"\/nyheter\/?Article=600","type":"readmore"}],"mode":"default"},"favouriteType":null,"mnu":null,"section":null,"displayId":true,"docId":600,"identifier":"600Article","docType":"Article","customDate":false,"teaserData":{"teaserText":"","mode":"default"},"content":{"teaser":"","intro":"Transport og logistikk i nordlige Norge, Sverige og Finland."},"titles":{"main":"New North","readMoreButton":"Les mer"},"urls":{"readMore":"\/nyheter\/?Article=600","booking":null},"created":{"date":"13.03.2024","time":"10:28","timestamp":1710322080},"introAllowHtml":false,"hasTicket":false,"extra":null,"hasReadMore":true,"media":{"imageData":{"path":"\/sites\/t\/transportutvikling.no\/files\/2024\/03\/new_north_korridorer.jpg","width":2206,"height":2107,"aspectRatio":1.046986236355007},"previewImageUrl":"\/sites\/t\/transportutvikling.no\/files\/2024\/03\/new_north_korridorer.jpg?cropToFit=100x59&quality=50","imageVariants":[{"path":"\/sites\/t\/transportutvikling.no\/files\/2024\/03\/new_north_korridorer.jpg?cropToFit=100x59&quality=75","width":100,"height":59,"aspectRatio":1.694915254237288},{"path":"\/sites\/t\/transportutvikling.no\/files\/2024\/03\/new_north_korridorer.jpg?cropToFit=200x118&quality=75","width":200,"height":118,"aspectRatio":1.694915254237288},{"path":"\/sites\/t\/transportutvikling.no\/files\/2024\/03\/new_north_korridorer.jpg?cropToFit=400x235&quality=75","width":400,"height":235,"aspectRatio":1.702127659574468},{"path":"\/sites\/t\/transportutvikling.no\/files\/2024\/03\/new_north_korridorer.jpg?cropToFit=600x353&quality=75","width":600,"height":353,"aspectRatio":1.6997167138810199},{"path":"\/sites\/t\/transportutvikling.no\/files\/2024\/03\/new_north_korridorer.jpg?cropToFit=800x471&quality=75","width":800,"height":471,"aspectRatio":1.6985138004246285},{"path":"\/sites\/t\/transportutvikling.no\/files\/2024\/03\/new_north_korridorer.jpg?cropToFit=1000x588&quality=75","width":1000,"height":588,"aspectRatio":1.7006802721088434},{"path":"\/sites\/t\/transportutvikling.no\/files\/2024\/03\/new_north_korridorer.jpg?cropToFit=1200x706&quality=75","width":1200,"height":706,"aspectRatio":1.6997167138810199}],"image":"\/sites\/t\/transportutvikling.no\/files\/2024\/03\/new_north_korridorer.jpg","aspect":1.694915254237288,"type":"image","description":"Prioriterte korridorer som skal utredes"},"additionalData":[]},{"classes":["outercol"],"isFavourite":false,"isExternalUrl":{"articleLink":false},"articleListButtonsData":{"buttonsList":[{"label":"Les mer","url":"\/nyheter\/?Article=590","type":"readmore"}],"mode":"default"},"favouriteType":null,"mnu":null,"section":null,"displayId":true,"docId":590,"identifier":"590Article","docType":"Article","customDate":false,"teaserData":{"teaserText":"","mode":"default"},"content":{"teaser":"","intro":"Transportutvikling AS er engasjert for \u00e5 utrede nye ruteopplegg som ivaretar de endringene som har v\u00e6rt og ventelig kommer i bl.a. demografi, \u00f8konomi og finnmarkingenes reisem\u00f8nster for \u00f8vrig. "},"titles":{"main":"Rutestruktur \u2013 b\u00e5truter i Finnmark","readMoreButton":"Les mer"},"urls":{"readMore":"\/nyheter\/?Article=590","booking":null},"created":{"date":"04.12.2023","time":"13:50","timestamp":1701694200},"introAllowHtml":false,"hasTicket":false,"extra":null,"hasReadMore":true,"media":{"imageData":{"path":"\/sites\/t\/transportutvikling.no\/files\/2023\/12\/hurtigb__t_hollendaren_i_hav__ysund_foto_lars_engerengen.jpg","width":5504,"height":3096,"aspectRatio":1.7777777777777777},"previewImageUrl":"\/sites\/t\/transportutvikling.no\/files\/2023\/12\/hurtigb__t_hollendaren_i_hav__ysund_foto_lars_engerengen.jpg?cropToFit=100x59&quality=50","imageVariants":[{"path":"\/sites\/t\/transportutvikling.no\/files\/2023\/12\/hurtigb__t_hollendaren_i_hav__ysund_foto_lars_engerengen.jpg?cropToFit=100x59&quality=75","width":100,"height":59,"aspectRatio":1.694915254237288},{"path":"\/sites\/t\/transportutvikling.no\/files\/2023\/12\/hurtigb__t_hollendaren_i_hav__ysund_foto_lars_engerengen.jpg?cropToFit=200x118&quality=75","width":200,"height":118,"aspectRatio":1.694915254237288},{"path":"\/sites\/t\/transportutvikling.no\/files\/2023\/12\/hurtigb__t_hollendaren_i_hav__ysund_foto_lars_engerengen.jpg?cropToFit=400x235&quality=75","width":400,"height":235,"aspectRatio":1.702127659574468},{"path":"\/sites\/t\/transportutvikling.no\/files\/2023\/12\/hurtigb__t_hollendaren_i_hav__ysund_foto_lars_engerengen.jpg?cropToFit=600x353&quality=75","width":600,"height":353,"aspectRatio":1.6997167138810199},{"path":"\/sites\/t\/transportutvikling.no\/files\/2023\/12\/hurtigb__t_hollendaren_i_hav__ysund_foto_lars_engerengen.jpg?cropToFit=800x471&quality=75","width":800,"height":471,"aspectRatio":1.6985138004246285},{"path":"\/sites\/t\/transportutvikling.no\/files\/2023\/12\/hurtigb__t_hollendaren_i_hav__ysund_foto_lars_engerengen.jpg?cropToFit=1000x588&quality=75","width":1000,"height":588,"aspectRatio":1.7006802721088434},{"path":"\/sites\/t\/transportutvikling.no\/files\/2023\/12\/hurtigb__t_hollendaren_i_hav__ysund_foto_lars_engerengen.jpg?cropToFit=1200x706&quality=75","width":1200,"height":706,"aspectRatio":1.6997167138810199}],"image":"\/sites\/t\/transportutvikling.no\/files\/2023\/12\/hurtigb__t_hollendaren_i_hav__ysund_foto_lars_engerengen.jpg","aspect":1.694915254237288,"type":"image","description":"Hurtigb\u00e5ten Hollendaren i Hav\u00f8ysund"},"additionalData":[]},{"classes":["outercol"],"isFavourite":false,"isExternalUrl":{"articleLink":false},"articleListButtonsData":{"buttonsList":[{"label":"Les mer","url":"\/nyheter\/?Article=361","type":"readmore"}],"mode":"default"},"favouriteType":null,"mnu":null,"section":null,"displayId":true,"docId":361,"identifier":"361Article","docType":"Article","customDate":false,"teaserData":{"teaserText":"","mode":"default"},"content":{"teaser":"","intro":"\u00abGrunnlaget for fremtidens transportsystemer i Nord-Norge\u00bb ble diskutert p\u00e5  konferansen \"Transport fra kyst til marked\" i Narvik, fra lunsj til lunsj, 15.-16. november 2023. Transportutvikling AS var arrang\u00f8r."},"titles":{"main":"Konferansen \"Transport fra kyst til marked\" ","readMoreButton":"Les mer"},"urls":{"readMore":"\/nyheter\/?Article=361","booking":null},"created":{"date":"20.09.2023","time":"13:18","timestamp":1695208680},"introAllowHtml":false,"hasTicket":false,"extra":null,"hasReadMore":true,"media":{"imageData":{"path":"\/sites\/t\/transportutvikling.no\/files\/artikkelbilde_konferanse_2023.jpg","width":2476,"height":1392,"aspectRatio":1.778735632183908},"previewImageUrl":"\/sites\/t\/transportutvikling.no\/files\/artikkelbilde_konferanse_2023.jpg?cropToFit=100x59&quality=50","imageVariants":[{"path":"\/sites\/t\/transportutvikling.no\/files\/artikkelbilde_konferanse_2023.jpg?cropToFit=100x59&quality=75","width":100,"height":59,"aspectRatio":1.694915254237288},{"path":"\/sites\/t\/transportutvikling.no\/files\/artikkelbilde_konferanse_2023.jpg?cropToFit=200x118&quality=75","width":200,"height":118,"aspectRatio":1.694915254237288},{"path":"\/sites\/t\/transportutvikling.no\/files\/artikkelbilde_konferanse_2023.jpg?cropToFit=400x235&quality=75","width":400,"height":235,"aspectRatio":1.702127659574468},{"path":"\/sites\/t\/transportutvikling.no\/files\/artikkelbilde_konferanse_2023.jpg?cropToFit=600x353&quality=75","width":600,"height":353,"aspectRatio":1.6997167138810199},{"path":"\/sites\/t\/transportutvikling.no\/files\/artikkelbilde_konferanse_2023.jpg?cropToFit=800x471&quality=75","width":800,"height":471,"aspectRatio":1.6985138004246285},{"path":"\/sites\/t\/transportutvikling.no\/files\/artikkelbilde_konferanse_2023.jpg?cropToFit=1000x588&quality=75","width":1000,"height":588,"aspectRatio":1.7006802721088434},{"path":"\/sites\/t\/transportutvikling.no\/files\/artikkelbilde_konferanse_2023.jpg?cropToFit=1200x706&quality=75","width":1200,"height":706,"aspectRatio":1.6997167138810199}],"image":"\/sites\/t\/transportutvikling.no\/files\/artikkelbilde_konferanse_2023.jpg","aspect":1.694915254237288,"type":"image","description":"Innbydelse til konferanse"},"additionalData":[]},{"classes":["outercol"],"isFavourite":false,"isExternalUrl":{"articleLink":false},"articleListButtonsData":{"buttonsList":[{"label":"Les mer","url":"\/nyheter\/?Article=346","type":"readmore"}],"mode":"default"},"favouriteType":null,"mnu":null,"section":null,"displayId":true,"docId":346,"identifier":"346Article","docType":"Article","customDate":false,"teaserData":{"teaserText":"","mode":"default"},"content":{"teaser":"","intro":"NGU`s forskningsfart\u00f8y \u00abGeologen\u00bb ble d\u00f8pt i Trondheim 20. mars 2023. Transportutvikling AS har bist\u00e5tt NGU under hele byggeprosessen."},"titles":{"main":"FF \"Geologen\" er d\u00f8pt","readMoreButton":"Les mer"},"urls":{"readMore":"\/nyheter\/?Article=346","booking":null},"created":{"date":"22.03.2023","time":"10:32","timestamp":1679477520},"introAllowHtml":false,"hasTicket":false,"extra":null,"hasReadMore":true,"media":{"imageData":{"path":"\/sites\/t\/transportutvikling.no\/files\/geologen.jpg","width":3024,"height":4032,"aspectRatio":0.75},"previewImageUrl":"\/sites\/t\/transportutvikling.no\/files\/geologen.jpg?cropToFit=100x59&quality=50","imageVariants":[{"path":"\/sites\/t\/transportutvikling.no\/files\/geologen.jpg?cropToFit=100x59&quality=75","width":100,"height":59,"aspectRatio":1.694915254237288},{"path":"\/sites\/t\/transportutvikling.no\/files\/geologen.jpg?cropToFit=200x118&quality=75","width":200,"height":118,"aspectRatio":1.694915254237288},{"path":"\/sites\/t\/transportutvikling.no\/files\/geologen.jpg?cropToFit=400x235&quality=75","width":400,"height":235,"aspectRatio":1.702127659574468},{"path":"\/sites\/t\/transportutvikling.no\/files\/geologen.jpg?cropToFit=600x353&quality=75","width":600,"height":353,"aspectRatio":1.6997167138810199},{"path":"\/sites\/t\/transportutvikling.no\/files\/geologen.jpg?cropToFit=800x471&quality=75","width":800,"height":471,"aspectRatio":1.6985138004246285},{"path":"\/sites\/t\/transportutvikling.no\/files\/geologen.jpg?cropToFit=1000x588&quality=75","width":1000,"height":588,"aspectRatio":1.7006802721088434},{"path":"\/sites\/t\/transportutvikling.no\/files\/geologen.jpg?cropToFit=1200x706&quality=75","width":1200,"height":706,"aspectRatio":1.6997167138810199}],"image":"\/sites\/t\/transportutvikling.no\/files\/geologen.jpg","aspect":1.694915254237288,"type":"image","description":"Bilde av \"Geologen\"."},"additionalData":[]},{"classes":["outercol"],"isFavourite":false,"isExternalUrl":{"articleLink":false},"articleListButtonsData":{"buttonsList":[{"label":"Les mer","url":"\/nyheter\/?Article=329","type":"readmore"}],"mode":"default"},"favouriteType":null,"mnu":null,"section":null,"displayId":true,"docId":329,"identifier":"329Article","docType":"Article","customDate":false,"teaserData":{"teaserText":"","mode":"default"},"content":{"teaser":"","intro":"Fremtidens hurtigb\u00e5t-fase 2 er avsluttet etter 7 m\u00e5neders intensivt arbeid."},"titles":{"main":"Fremtidens hurtigb\u00e5t - 7 m\u00e5neders intensivt arbeid","readMoreButton":"Les mer"},"urls":{"readMore":"\/nyheter\/?Article=329","booking":null},"created":{"date":"16.02.2023","time":"10:02","timestamp":1676538120},"introAllowHtml":false,"hasTicket":false,"extra":null,"hasReadMore":true,"media":{"imageData":{"path":"\/sites\/t\/transportutvikling.no\/files\/bilde_fra_tanken_1_dsc_1290.jpg","width":6000,"height":4000,"aspectRatio":1.5},"previewImageUrl":"\/sites\/t\/transportutvikling.no\/files\/bilde_fra_tanken_1_dsc_1290.jpg?cropToFit=100x59&quality=50","imageVariants":[{"path":"\/sites\/t\/transportutvikling.no\/files\/bilde_fra_tanken_1_dsc_1290.jpg?cropToFit=100x59&quality=75","width":100,"height":59,"aspectRatio":1.694915254237288},{"path":"\/sites\/t\/transportutvikling.no\/files\/bilde_fra_tanken_1_dsc_1290.jpg?cropToFit=200x118&quality=75","width":200,"height":118,"aspectRatio":1.694915254237288},{"path":"\/sites\/t\/transportutvikling.no\/files\/bilde_fra_tanken_1_dsc_1290.jpg?cropToFit=400x235&quality=75","width":400,"height":235,"aspectRatio":1.702127659574468},{"path":"\/sites\/t\/transportutvikling.no\/files\/bilde_fra_tanken_1_dsc_1290.jpg?cropToFit=600x353&quality=75","width":600,"height":353,"aspectRatio":1.6997167138810199},{"path":"\/sites\/t\/transportutvikling.no\/files\/bilde_fra_tanken_1_dsc_1290.jpg?cropToFit=800x471&quality=75","width":800,"height":471,"aspectRatio":1.6985138004246285},{"path":"\/sites\/t\/transportutvikling.no\/files\/bilde_fra_tanken_1_dsc_1290.jpg?cropToFit=1000x588&quality=75","width":1000,"height":588,"aspectRatio":1.7006802721088434},{"path":"\/sites\/t\/transportutvikling.no\/files\/bilde_fra_tanken_1_dsc_1290.jpg?cropToFit=1200x706&quality=75","width":1200,"height":706,"aspectRatio":1.6997167138810199}],"image":"\/sites\/t\/transportutvikling.no\/files\/bilde_fra_tanken_1_dsc_1290.jpg","aspect":1.694915254237288,"type":"image","description":"Bilde tatt i Stadt Towing Tank`s testtank"},"additionalData":[]},{"classes":["outercol"],"isFavourite":false,"isExternalUrl":{"articleLink":false},"articleListButtonsData":{"buttonsList":[{"label":"Les mer","url":"\/nyheter\/?Article=209","type":"readmore"}],"mode":"default"},"favouriteType":null,"mnu":null,"section":null,"displayId":true,"docId":209,"identifier":"209Article","docType":"Article","customDate":false,"teaserData":{"teaserText":"","mode":"default"},"content":{"teaser":"","intro":"P\u00e5 vegne av Statens vegvesen har Transportutvikling AS foretatt innsamling og beskrivelse\/presentasjon av transport- og trafikkdata  for Nord-Norge."},"titles":{"main":"N\u00e6ringstransporter i Nord-Norge","readMoreButton":"Les mer"},"urls":{"readMore":"\/nyheter\/?Article=209","booking":null},"created":{"date":"17.06.2022","time":"10:40","timestamp":1655455200},"introAllowHtml":false,"hasTicket":false,"extra":null,"hasReadMore":true,"media":{"imageData":{"path":"\/sites\/t\/transportutvikling.no\/files\/forside_kvu__002_.jpg","width":321,"height":432,"aspectRatio":0.7430555555555556},"previewImageUrl":"\/sites\/t\/transportutvikling.no\/files\/forside_kvu__002_.jpg?cropToFit=100x59&quality=50","imageVariants":[{"path":"\/sites\/t\/transportutvikling.no\/files\/forside_kvu__002_.jpg?cropToFit=100x59&quality=75","width":100,"height":59,"aspectRatio":1.694915254237288},{"path":"\/sites\/t\/transportutvikling.no\/files\/forside_kvu__002_.jpg?cropToFit=200x118&quality=75","width":200,"height":118,"aspectRatio":1.694915254237288},{"path":"\/sites\/t\/transportutvikling.no\/files\/forside_kvu__002_.jpg?cropToFit=400x235&quality=75","width":321,"height":189,"aspectRatio":1.6984126984126984},{"path":"\/sites\/t\/transportutvikling.no\/files\/forside_kvu__002_.jpg?cropToFit=600x353&quality=75","width":321,"height":189,"aspectRatio":1.6984126984126984},{"path":"\/sites\/t\/transportutvikling.no\/files\/forside_kvu__002_.jpg?cropToFit=800x471&quality=75","width":321,"height":189,"aspectRatio":1.6984126984126984},{"path":"\/sites\/t\/transportutvikling.no\/files\/forside_kvu__002_.jpg?cropToFit=1000x588&quality=75","width":321,"height":189,"aspectRatio":1.6984126984126984},{"path":"\/sites\/t\/transportutvikling.no\/files\/forside_kvu__002_.jpg?cropToFit=1200x706&quality=75","width":321,"height":189,"aspectRatio":1.6984126984126984}],"image":"\/sites\/t\/transportutvikling.no\/files\/forside_kvu__002_.jpg","aspect":1.694915254237288,"type":"image","description":"Forside av rapport"},"additionalData":[]},{"classes":["outercol"],"isFavourite":false,"isExternalUrl":{"articleLink":false},"articleListButtonsData":{"buttonsList":[{"label":"Les mer","url":"\/nyheter\/?Article=207","type":"readmore"}],"mode":"default"},"favouriteType":null,"mnu":null,"section":null,"displayId":true,"docId":207,"identifier":"207Article","docType":"Article","customDate":false,"teaserData":{"teaserText":"","mode":"default"},"content":{"teaser":"","intro":"Transportutvikling AS videre i prestisjeprosjektet \u00abFremtidens Hurtigb\u00e5t\u00bb."},"titles":{"main":"Fremtidens hurtigb\u00e5t-fase 2","readMoreButton":"Les mer"},"urls":{"readMore":"\/nyheter\/?Article=207","booking":null},"created":{"date":"17.06.2022","time":"09:04","timestamp":1655449440},"introAllowHtml":false,"hasTicket":false,"extra":null,"hasReadMore":true,"media":{"imageData":{"path":"\/sites\/t\/transportutvikling.no\/files\/fremtidens_hurtigbat_fase2.jpg","width":1386,"height":613,"aspectRatio":2.2610114192495923},"previewImageUrl":"\/sites\/t\/transportutvikling.no\/files\/fremtidens_hurtigbat_fase2.jpg?cropToFit=100x59&quality=50","imageVariants":[{"path":"\/sites\/t\/transportutvikling.no\/files\/fremtidens_hurtigbat_fase2.jpg?cropToFit=100x59&quality=75","width":100,"height":59,"aspectRatio":1.694915254237288},{"path":"\/sites\/t\/transportutvikling.no\/files\/fremtidens_hurtigbat_fase2.jpg?cropToFit=200x118&quality=75","width":200,"height":118,"aspectRatio":1.694915254237288},{"path":"\/sites\/t\/transportutvikling.no\/files\/fremtidens_hurtigbat_fase2.jpg?cropToFit=400x235&quality=75","width":400,"height":235,"aspectRatio":1.702127659574468},{"path":"\/sites\/t\/transportutvikling.no\/files\/fremtidens_hurtigbat_fase2.jpg?cropToFit=600x353&quality=75","width":600,"height":353,"aspectRatio":1.6997167138810199},{"path":"\/sites\/t\/transportutvikling.no\/files\/fremtidens_hurtigbat_fase2.jpg?cropToFit=800x471&quality=75","width":800,"height":471,"aspectRatio":1.6985138004246285},{"path":"\/sites\/t\/transportutvikling.no\/files\/fremtidens_hurtigbat_fase2.jpg?cropToFit=1000x588&quality=75","width":1000,"height":588,"aspectRatio":1.7006802721088434},{"path":"\/sites\/t\/transportutvikling.no\/files\/fremtidens_hurtigbat_fase2.jpg?cropToFit=1200x706&quality=75","width":1042,"height":613,"aspectRatio":1.699836867862969}],"image":"\/sites\/t\/transportutvikling.no\/files\/fremtidens_hurtigbat_fase2.jpg","aspect":1.694915254237288,"type":"image","description":"Illustrasjon av Fremtidens hurtigb\u00e5t. Design Siv.ing Ola Lilloe-Olsen."},"additionalData":[]},{"classes":["outercol"],"isFavourite":false,"isExternalUrl":{"articleLink":false},"articleListButtonsData":{"buttonsList":[{"label":"Les mer","url":"\/nyheter\/?Article=205","type":"readmore"}],"mode":"default"},"favouriteType":null,"mnu":null,"section":null,"displayId":true,"docId":205,"identifier":"205Article","docType":"Article","customDate":false,"teaserData":{"teaserText":"","mode":"default"},"content":{"teaser":"","intro":"Transportutvikling AS har bist\u00e5tt Moskenes Shipping med fart\u00f8yspesifikasjon, forhandlinger og kontrakt med Verftet."},"titles":{"main":"Elektrisk passasjerb\u00e5t til Reinefjorden","readMoreButton":"Les mer"},"urls":{"readMore":"\/nyheter\/?Article=205","booking":null},"created":{"date":"06.04.2022","time":"13:13","timestamp":1649243580},"introAllowHtml":false,"hasTicket":false,"extra":null,"hasReadMore":true,"media":{"imageData":{"path":"\/sites\/t\/transportutvikling.no\/files\/alusafe_cat_18_-_ga_-_profil_p___sj__en__002_.jpg","width":4903,"height":2557,"aspectRatio":1.9174814235432147},"previewImageUrl":"\/sites\/t\/transportutvikling.no\/files\/alusafe_cat_18_-_ga_-_profil_p___sj__en__002_.jpg?cropToFit=100x59&quality=50","imageVariants":[{"path":"\/sites\/t\/transportutvikling.no\/files\/alusafe_cat_18_-_ga_-_profil_p___sj__en__002_.jpg?cropToFit=100x59&quality=75","width":100,"height":59,"aspectRatio":1.694915254237288},{"path":"\/sites\/t\/transportutvikling.no\/files\/alusafe_cat_18_-_ga_-_profil_p___sj__en__002_.jpg?cropToFit=200x118&quality=75","width":200,"height":118,"aspectRatio":1.694915254237288},{"path":"\/sites\/t\/transportutvikling.no\/files\/alusafe_cat_18_-_ga_-_profil_p___sj__en__002_.jpg?cropToFit=400x235&quality=75","width":400,"height":235,"aspectRatio":1.702127659574468},{"path":"\/sites\/t\/transportutvikling.no\/files\/alusafe_cat_18_-_ga_-_profil_p___sj__en__002_.jpg?cropToFit=600x353&quality=75","width":600,"height":353,"aspectRatio":1.6997167138810199},{"path":"\/sites\/t\/transportutvikling.no\/files\/alusafe_cat_18_-_ga_-_profil_p___sj__en__002_.jpg?cropToFit=800x471&quality=75","width":800,"height":471,"aspectRatio":1.6985138004246285},{"path":"\/sites\/t\/transportutvikling.no\/files\/alusafe_cat_18_-_ga_-_profil_p___sj__en__002_.jpg?cropToFit=1000x588&quality=75","width":1000,"height":588,"aspectRatio":1.7006802721088434},{"path":"\/sites\/t\/transportutvikling.no\/files\/alusafe_cat_18_-_ga_-_profil_p___sj__en__002_.jpg?cropToFit=1200x706&quality=75","width":1200,"height":706,"aspectRatio":1.6997167138810199}],"image":"\/sites\/t\/transportutvikling.no\/files\/alusafe_cat_18_-_ga_-_profil_p___sj__en__002_.jpg","aspect":1.694915254237288,"type":"image","description":"Bilde av elektrisk passasjerb\u00e5t, Alusafe CAT 18 El "},"additionalData":[]},{"classes":["outercol"],"isFavourite":false,"isExternalUrl":{"articleLink":false},"articleListButtonsData":{"buttonsList":[{"label":"Les mer","url":"\/nyheter\/?Article=193","type":"readmore"}],"mode":"default"},"favouriteType":null,"mnu":null,"section":null,"displayId":true,"docId":193,"identifier":"193Article","docType":"Article","customDate":false,"teaserData":{"teaserText":"","mode":"default"},"content":{"teaser":"","intro":"Transportutvikling skal gjennomf\u00f8re byggetilsyn av en ny kombinert gods-\/bil- og passasjerf\u00f8rende hurtigb\u00e5t. "},"titles":{"main":"Byggetilsyn av ny hurtigg\u00e5ende b\u00e5t","readMoreButton":"Les mer"},"urls":{"readMore":"\/nyheter\/?Article=193","booking":null},"created":{"date":"21.09.2020","time":"09:53","timestamp":1600674780},"introAllowHtml":false,"hasTicket":false,"extra":null,"hasReadMore":true,"media":{"imageData":{"path":"\/sites\/t\/transportutvikling.no\/files\/kombibaat_tf_fylkeskommune.png","width":4395,"height":2472,"aspectRatio":1.7779126213592233},"previewImageUrl":"\/sites\/t\/transportutvikling.no\/files\/kombibaat_tf_fylkeskommune.png?cropToFit=100x59&quality=50","imageVariants":[{"path":"\/sites\/t\/transportutvikling.no\/files\/kombibaat_tf_fylkeskommune.png?cropToFit=100x59&quality=75","width":100,"height":59,"aspectRatio":1.694915254237288},{"path":"\/sites\/t\/transportutvikling.no\/files\/kombibaat_tf_fylkeskommune.png?cropToFit=200x118&quality=75","width":200,"height":118,"aspectRatio":1.694915254237288},{"path":"\/sites\/t\/transportutvikling.no\/files\/kombibaat_tf_fylkeskommune.png?cropToFit=400x235&quality=75","width":400,"height":235,"aspectRatio":1.702127659574468},{"path":"\/sites\/t\/transportutvikling.no\/files\/kombibaat_tf_fylkeskommune.png?cropToFit=600x353&quality=75","width":600,"height":353,"aspectRatio":1.6997167138810199},{"path":"\/sites\/t\/transportutvikling.no\/files\/kombibaat_tf_fylkeskommune.png?cropToFit=800x471&quality=75","width":800,"height":471,"aspectRatio":1.6985138004246285},{"path":"\/sites\/t\/transportutvikling.no\/files\/kombibaat_tf_fylkeskommune.png?cropToFit=1000x588&quality=75","width":1000,"height":588,"aspectRatio":1.7006802721088434},{"path":"\/sites\/t\/transportutvikling.no\/files\/kombibaat_tf_fylkeskommune.png?cropToFit=1200x706&quality=75","width":1200,"height":706,"aspectRatio":1.6997167138810199}],"image":"\/sites\/t\/transportutvikling.no\/files\/kombibaat_tf_fylkeskommune.png","aspect":1.694915254237288,"type":"image","description":"Kombinert gods-\/bil- og passasjerf\u00f8rende hurtigb\u00e5t"},"additionalData":[]},{"classes":["outercol"],"isFavourite":false,"isExternalUrl":{"articleLink":false},"articleListButtonsData":{"buttonsList":[{"label":"Les mer","url":"\/nyheter\/?Article=188","type":"readmore"}],"mode":"default"},"favouriteType":null,"mnu":null,"section":null,"displayId":true,"docId":188,"identifier":"188Article","docType":"Article","customDate":false,"teaserData":{"teaserText":"","mode":"default"},"content":{"teaser":"","intro":"Transportutvikling er engasjert for \u00e5 f\u00f8re tilsyn, gi r\u00e5d og bistand i forbindelse med bygging av ferje som skal trafikkere i Randsfjorden."},"titles":{"main":"Byggetilsyn og marinteknisk r\u00e5dgivning","readMoreButton":"Les mer"},"urls":{"readMore":"\/nyheter\/?Article=188","booking":null},"created":{"date":"04.02.2020","time":"13:39","timestamp":1580819940},"introAllowHtml":false,"hasTicket":false,"extra":null,"hasReadMore":true,"media":{"imageData":{"path":"\/sites\/t\/transportutvikling.no\/files\/verft_2.jpg","width":413,"height":413,"aspectRatio":1},"previewImageUrl":"\/sites\/t\/transportutvikling.no\/files\/verft_2.jpg?cropToFit=100x59&quality=50","imageVariants":[{"path":"\/sites\/t\/transportutvikling.no\/files\/verft_2.jpg?cropToFit=100x59&quality=75","width":100,"height":59,"aspectRatio":1.694915254237288},{"path":"\/sites\/t\/transportutvikling.no\/files\/verft_2.jpg?cropToFit=200x118&quality=75","width":200,"height":118,"aspectRatio":1.694915254237288},{"path":"\/sites\/t\/transportutvikling.no\/files\/verft_2.jpg?cropToFit=400x235&quality=75","width":400,"height":235,"aspectRatio":1.702127659574468},{"path":"\/sites\/t\/transportutvikling.no\/files\/verft_2.jpg?cropToFit=600x353&quality=75","width":413,"height":243,"aspectRatio":1.699588477366255},{"path":"\/sites\/t\/transportutvikling.no\/files\/verft_2.jpg?cropToFit=800x471&quality=75","width":413,"height":243,"aspectRatio":1.699588477366255},{"path":"\/sites\/t\/transportutvikling.no\/files\/verft_2.jpg?cropToFit=1000x588&quality=75","width":413,"height":243,"aspectRatio":1.699588477366255},{"path":"\/sites\/t\/transportutvikling.no\/files\/verft_2.jpg?cropToFit=1200x706&quality=75","width":413,"height":243,"aspectRatio":1.699588477366255}],"image":"\/sites\/t\/transportutvikling.no\/files\/verft_2.jpg","aspect":1.694915254237288,"type":"image","description":"Fra verkstedhallen hos verftet Holland Shipyard"},"additionalData":[]},{"classes":["outercol"],"isFavourite":false,"isExternalUrl":{"articleLink":false},"articleListButtonsData":{"buttonsList":[{"label":"Les mer","url":"\/nyheter\/?Article=183","type":"readmore"}],"mode":"default"},"favouriteType":null,"mnu":null,"section":null,"displayId":true,"docId":183,"identifier":"183Article","docType":"Article","customDate":false,"teaserData":{"teaserText":"","mode":"default"},"content":{"teaser":"","intro":"3. september ble konsortiets resultat presentert av sivil\u00f8konom Stig Nerdal."},"titles":{"main":"Presenterte l\u00f8sning for hurtigb\u00e5t med nullutslipp","readMoreButton":"Les mer"},"urls":{"readMore":"\/nyheter\/?Article=183","booking":null},"created":{"date":"12.09.2019","time":"08:48","timestamp":1568270880},"introAllowHtml":false,"hasTicket":false,"extra":null,"hasReadMore":true,"media":{"imageData":{"path":"\/sites\/t\/transportutvikling.no\/files\/stig_hell_030919.jpg","width":1497,"height":1074,"aspectRatio":1.393854748603352},"previewImageUrl":"\/sites\/t\/transportutvikling.no\/files\/stig_hell_030919.jpg?cropToFit=100x59&quality=50","imageVariants":[{"path":"\/sites\/t\/transportutvikling.no\/files\/stig_hell_030919.jpg?cropToFit=100x59&quality=75","width":100,"height":59,"aspectRatio":1.694915254237288},{"path":"\/sites\/t\/transportutvikling.no\/files\/stig_hell_030919.jpg?cropToFit=200x118&quality=75","width":200,"height":118,"aspectRatio":1.694915254237288},{"path":"\/sites\/t\/transportutvikling.no\/files\/stig_hell_030919.jpg?cropToFit=400x235&quality=75","width":400,"height":235,"aspectRatio":1.702127659574468},{"path":"\/sites\/t\/transportutvikling.no\/files\/stig_hell_030919.jpg?cropToFit=600x353&quality=75","width":600,"height":353,"aspectRatio":1.6997167138810199},{"path":"\/sites\/t\/transportutvikling.no\/files\/stig_hell_030919.jpg?cropToFit=800x471&quality=75","width":800,"height":471,"aspectRatio":1.6985138004246285},{"path":"\/sites\/t\/transportutvikling.no\/files\/stig_hell_030919.jpg?cropToFit=1000x588&quality=75","width":1000,"height":588,"aspectRatio":1.7006802721088434},{"path":"\/sites\/t\/transportutvikling.no\/files\/stig_hell_030919.jpg?cropToFit=1200x706&quality=75","width":1200,"height":706,"aspectRatio":1.6997167138810199}],"image":"\/sites\/t\/transportutvikling.no\/files\/stig_hell_030919.jpg","aspect":1.694915254237288,"type":"image","description":"Daglig leder i Transportutvikling AS, Stig Nerdal"},"additionalData":[]},{"classes":["outercol"],"isFavourite":false,"isExternalUrl":{"articleLink":false},"articleListButtonsData":{"buttonsList":[{"label":"Les mer","url":"\/nyheter\/?Article=61","type":"readmore"}],"mode":"default"},"favouriteType":null,"mnu":null,"section":null,"displayId":true,"docId":61,"identifier":"61Article","docType":"Article","customDate":false,"teaserData":{"teaserText":"","mode":"default"},"content":{"teaser":"","intro":"Gjennom mange \u00e5r har Transportutvikling AS utarbeidet s\u00e5kalte \u00abTerminal Information Booklets\u00bb for Statoils kysttankanlegg (N\u00e5 CIRCLE K). Dette er informasjonsdokumenter p\u00e5 engelsk etter ISGOTT koden (International  Safety Guide for Oil Tankers and Terminals)"},"titles":{"main":"Oppdatering av CIRCLE K\u2019s Terminal Information Booklets","readMoreButton":"Les mer"},"urls":{"readMore":"\/nyheter\/?Article=61","booking":null},"created":{"date":"10.01.2019","time":"12:50","timestamp":1547121000},"introAllowHtml":false,"hasTicket":false,"extra":null,"hasReadMore":true,"media":{"imageData":{"path":"\/sites\/t\/transportutvikling.no\/files\/booklet_cicle_k.png.jpg","width":701,"height":576,"aspectRatio":1.2170138888888888},"previewImageUrl":"\/sites\/t\/transportutvikling.no\/files\/booklet_cicle_k.png.jpg?cropToFit=100x59&quality=50","imageVariants":[{"path":"\/sites\/t\/transportutvikling.no\/files\/booklet_cicle_k.png.jpg?cropToFit=100x59&quality=75","width":100,"height":59,"aspectRatio":1.694915254237288},{"path":"\/sites\/t\/transportutvikling.no\/files\/booklet_cicle_k.png.jpg?cropToFit=200x118&quality=75","width":200,"height":118,"aspectRatio":1.694915254237288},{"path":"\/sites\/t\/transportutvikling.no\/files\/booklet_cicle_k.png.jpg?cropToFit=400x235&quality=75","width":400,"height":235,"aspectRatio":1.702127659574468},{"path":"\/sites\/t\/transportutvikling.no\/files\/booklet_cicle_k.png.jpg?cropToFit=600x353&quality=75","width":600,"height":353,"aspectRatio":1.6997167138810199},{"path":"\/sites\/t\/transportutvikling.no\/files\/booklet_cicle_k.png.jpg?cropToFit=800x471&quality=75","width":701,"height":413,"aspectRatio":1.6973365617433414},{"path":"\/sites\/t\/transportutvikling.no\/files\/booklet_cicle_k.png.jpg?cropToFit=1000x588&quality=75","width":701,"height":412,"aspectRatio":1.7014563106796117},{"path":"\/sites\/t\/transportutvikling.no\/files\/booklet_cicle_k.png.jpg?cropToFit=1200x706&quality=75","width":701,"height":412,"aspectRatio":1.7014563106796117}],"image":"\/sites\/t\/transportutvikling.no\/files\/booklet_cicle_k.png.jpg","aspect":1.694915254237288,"type":"image","description":"Bilde av en \"Terminal Information Booklet\""},"additionalData":[]}],"pages":[1],"currentPage":1,"sections":[]}